{"id":2002,"date":"2021-06-28T15:08:57","date_gmt":"2021-06-28T15:08:57","guid":{"rendered":"https:\/\/r-filter.hu\/?page_id=2002"},"modified":"2023-05-18T15:03:15","modified_gmt":"2023-05-18T15:03:15","slug":"uvf","status":"publish","type":"page","link":"https:\/\/r-filter.hu\/de\/uvf\/","title":{"rendered":"UVF"},"content":{"rendered":"<div data-elementor-type=\"wp-page\" data-elementor-id=\"2002\" class=\"elementor elementor-2002\" data-elementor-post-type=\"page\">\n\t\t\t\t\t\t<section class=\"elementor-section elementor-top-section elementor-element elementor-element-d8b6b01 elementor-section-boxed elementor-section-height-default elementor-section-height-default\" data-id=\"d8b6b01\" data-element_type=\"section\" data-e-type=\"section\">\n\t\t\t\t\t\t<div class=\"elementor-container elementor-column-gap-default\">\n\t\t\t\t\t<div class=\"elementor-column elementor-col-100 elementor-top-column elementor-element elementor-element-805b373\" data-id=\"805b373\" data-element_type=\"column\" data-e-type=\"column\" data-settings=\"{&quot;background_background&quot;:&quot;classic&quot;}\">\n\t\t\t<div class=\"elementor-widget-wrap elementor-element-populated\">\n\t\t\t\t\t\t<div class=\"elementor-element elementor-element-83552bb elementor-widget elementor-widget-heading\" data-id=\"83552bb\" data-element_type=\"widget\" data-e-type=\"widget\" data-widget_type=\"heading.default\">\n\t\t\t\t<div class=\"elementor-widget-container\">\n\t\t\t\t\t<h1 class=\"elementor-heading-title elementor-size-default\">UVF<\/h1>\t\t\t\t<\/div>\n\t\t\t\t<\/div>\n\t\t\t\t<div class=\"elementor-element elementor-element-a5a59b4 elementor-widget-divider--view-line elementor-widget elementor-widget-divider\" data-id=\"a5a59b4\" data-element_type=\"widget\" data-e-type=\"widget\" data-widget_type=\"divider.default\">\n\t\t\t\t<div class=\"elementor-widget-container\">\n\t\t\t\t\t\t\t<div class=\"elementor-divider\">\n\t\t\t<span class=\"elementor-divider-separator\">\n\t\t\t\t\t\t<\/span>\n\t\t<\/div>\n\t\t\t\t\t\t<\/div>\n\t\t\t\t<\/div>\n\t\t\t\t\t<\/div>\n\t\t<\/div>\n\t\t\t\t\t<\/div>\n\t\t<\/section>\n\t\t\t\t<section class=\"elementor-section elementor-top-section elementor-element elementor-element-e6b9faf elementor-section-boxed elementor-section-height-default elementor-section-height-default\" data-id=\"e6b9faf\" data-element_type=\"section\" data-e-type=\"section\">\n\t\t\t\t\t\t<div class=\"elementor-container elementor-column-gap-default\">\n\t\t\t\t\t<div class=\"elementor-column elementor-col-50 elementor-top-column elementor-element elementor-element-0159887\" data-id=\"0159887\" data-element_type=\"column\" data-e-type=\"column\">\n\t\t\t<div class=\"elementor-widget-wrap elementor-element-populated\">\n\t\t\t\t\t\t<div class=\"elementor-element elementor-element-9fbc3a9 elementor-widget elementor-widget-text-editor\" data-id=\"9fbc3a9\" data-element_type=\"widget\" data-e-type=\"widget\" data-widget_type=\"text-editor.default\">\n\t\t\t\t<div class=\"elementor-widget-container\">\n\t\t\t\t\t\t\t\t\t<p><strong>Wohnungen, B\u00fcros, Gesundheitseinrichtungen, Klimaanlagen und L\u00fcftungen<\/strong><\/p>\t\t\t\t\t\t\t\t<\/div>\n\t\t\t\t<\/div>\n\t\t\t\t<div class=\"elementor-element elementor-element-0a2ad1d elementor-widget-divider--view-line elementor-widget elementor-widget-divider\" data-id=\"0a2ad1d\" data-element_type=\"widget\" data-e-type=\"widget\" data-widget_type=\"divider.default\">\n\t\t\t\t<div class=\"elementor-widget-container\">\n\t\t\t\t\t\t\t<div class=\"elementor-divider\">\n\t\t\t<span class=\"elementor-divider-separator\">\n\t\t\t\t\t\t<\/span>\n\t\t<\/div>\n\t\t\t\t\t\t<\/div>\n\t\t\t\t<\/div>\n\t\t\t\t<div class=\"elementor-element elementor-element-c8233d5 elementor-widget elementor-widget-text-editor\" data-id=\"c8233d5\" data-element_type=\"widget\" data-e-type=\"widget\" data-widget_type=\"text-editor.default\">\n\t\t\t\t<div class=\"elementor-widget-container\">\n\t\t\t\t\t\t\t\t\t<p>Mit dem Ger\u00e4t kann die angesaugte Au\u00dfenluft oder die durch das zentrale L\u00fcftungskanalsystem transportierte Luft desinfiziert werden. Eingebaut in das Kanalsystem fungiert es als passives Element, hat keinen eigenen Ventilator.<\/p>\t\t\t\t\t\t\t\t<\/div>\n\t\t\t\t<\/div>\n\t\t\t\t<div class=\"elementor-element elementor-element-547ad68 elementor-widget elementor-widget-text-editor\" data-id=\"547ad68\" data-element_type=\"widget\" data-e-type=\"widget\" data-widget_type=\"text-editor.default\">\n\t\t\t\t<div class=\"elementor-widget-container\">\n\t\t\t\t\t\t\t\t\t<p><strong>Funktionsprinzip<\/strong><\/p>\t\t\t\t\t\t\t\t<\/div>\n\t\t\t\t<\/div>\n\t\t\t\t<div class=\"elementor-element elementor-element-c2624cd elementor-widget-divider--view-line elementor-widget elementor-widget-divider\" data-id=\"c2624cd\" data-element_type=\"widget\" data-e-type=\"widget\" data-widget_type=\"divider.default\">\n\t\t\t\t<div class=\"elementor-widget-container\">\n\t\t\t\t\t\t\t<div class=\"elementor-divider\">\n\t\t\t<span class=\"elementor-divider-separator\">\n\t\t\t\t\t\t<\/span>\n\t\t<\/div>\n\t\t\t\t\t\t<\/div>\n\t\t\t\t<\/div>\n\t\t\t\t<div class=\"elementor-element elementor-element-9adeed0 elementor-widget elementor-widget-text-editor\" data-id=\"9adeed0\" data-element_type=\"widget\" data-e-type=\"widget\" data-widget_type=\"text-editor.default\">\n\t\t\t\t<div class=\"elementor-widget-container\">\n\t\t\t\t\t\t\t\t\t<p>Es kann viele Mikroorganismen in der angesaugten Au\u00dfenluft (Frischluft) bzw. in der \u00fcber eine Zentrall\u00fcftungsanlage angesaugten Luft geben,  die aus gesundheitlicher Sicht f\u00fcr uns wichtig w\u00e4ren, zerst\u00f6rt zu werden.  Zu diesem Zweck wird Ihnen das R-FILTER Desinfektionsger\u00e4t empfohlen, da die UV-C-Strahlung im Ger\u00e4t die DNA von Krankheitserregern zerst\u00f6rt und somit die Luft desinfiziert. Das Ger\u00e4t verf\u00fcgt \u00fcber keinen eigenen L\u00fcfter, sodass das in L\u00fcftungssystem entweder in den aktiven oder in den passiven Teil installiert werden kann. Die Luftgeschwindigkeit innerhalb des Ger\u00e4ts, die f\u00fcr die Desinfektion am besten geeignet ist, betr\u00e4gt ca. 2-2,5 m\/s. Bei h\u00f6heren Luftgeschwindigkeiten haben die R-FILTER UV-C-Lampen nicht gen\u00fcgend Zeit, um die DNA der Bakterien zu zerst\u00f6ren und die Luft zu desinfizieren.<\/p>\n<p>Das Lichtspektrum in Nanometern:<\/p>\t\t\t\t\t\t\t\t<\/div>\n\t\t\t\t<\/div>\n\t\t\t\t<div class=\"elementor-element elementor-element-d6ecdb7 elementor-widget elementor-widget-image\" data-id=\"d6ecdb7\" data-element_type=\"widget\" data-e-type=\"widget\" data-widget_type=\"image.default\">\n\t\t\t\t<div class=\"elementor-widget-container\">\n\t\t\t\t\t\t\t\t\t\t\t\t\t\t\t\t<a href=\"https:\/\/r-filter.hu\/wp-content\/uploads\/2021\/11\/sp.g.n.jpg\" data-elementor-open-lightbox=\"yes\" data-elementor-lightbox-title=\"F\u00e9ny spektruma 253,7nm (1)\" data-e-action-hash=\"#elementor-action%3Aaction%3Dlightbox%26settings%3DeyJpZCI6MjE3MywidXJsIjoiaHR0cHM6XC9cL3ItZmlsdGVyLmh1XC93cC1jb250ZW50XC91cGxvYWRzXC8yMDIxXC8wN1wvRmVueS1zcGVrdHJ1bWEtMjUzN25tLTEuanBnIn0%3D\">\n\t\t\t\t\t\t\t<img fetchpriority=\"high\" decoding=\"async\" width=\"862\" height=\"360\" src=\"https:\/\/r-filter.hu\/wp-content\/uploads\/2021\/11\/sp.g.n.jpg\" class=\"attachment-2048x2048 size-2048x2048 wp-image-2173\" alt=\"\" srcset=\"https:\/\/r-filter.hu\/wp-content\/uploads\/2021\/11\/sp.g.n.jpg 1765w, https:\/\/r-filter.hu\/wp-content\/uploads\/2021\/11\/sp.g.n-300x97.jpg 300w, https:\/\/r-filter.hu\/wp-content\/uploads\/2021\/11\/sp.g.n-1024x331.jpg 1024w, https:\/\/r-filter.hu\/wp-content\/uploads\/2021\/11\/sp.g.n-768x248.jpg 768w, https:\/\/r-filter.hu\/wp-content\/uploads\/2021\/11\/sp.g.n-1536x497.jpg 1536w, https:\/\/r-filter.hu\/wp-content\/uploads\/2021\/11\/sp.g.n-18x6.jpg 18w\" sizes=\"(max-width: 862px) 100vw, 862px\" title=\"\">\t\t\t\t\t\t\t\t<\/a>\n\t\t\t\t\t\t\t\t\t\t\t\t\t\t\t<\/div>\n\t\t\t\t<\/div>\n\t\t\t\t<div class=\"elementor-element elementor-element-6b09c77 elementor-widget elementor-widget-text-editor\" data-id=\"6b09c77\" data-element_type=\"widget\" data-e-type=\"widget\" data-widget_type=\"text-editor.default\">\n\t\t\t\t<div class=\"elementor-widget-container\">\n\t\t\t\t\t\t\t\t\t<p>Bei Wellenl\u00e4ngen von 265 nm hat die keimt\u00f6tende Wirkung der UV-C-Strahlung ihr Maximum.<\/p>\t\t\t\t\t\t\t\t<\/div>\n\t\t\t\t<\/div>\n\t\t\t\t<div class=\"elementor-element elementor-element-5069715 elementor-widget elementor-widget-image\" data-id=\"5069715\" data-element_type=\"widget\" data-e-type=\"widget\" data-widget_type=\"image.default\">\n\t\t\t\t<div class=\"elementor-widget-container\">\n\t\t\t\t\t\t\t\t\t\t\t\t\t\t\t\t<a href=\"https:\/\/r-filter.hu\/wp-content\/uploads\/2021\/11\/germ.n.jpg\" data-elementor-open-lightbox=\"yes\" data-elementor-lightbox-title=\"relat\u00edv hat\u00e9konys\u00e1gi g\u00f6rbe sz\u00f6veggel\" data-e-action-hash=\"#elementor-action%3Aaction%3Dlightbox%26settings%3DeyJpZCI6MjE2MCwidXJsIjoiaHR0cHM6XC9cL3ItZmlsdGVyLmh1XC93cC1jb250ZW50XC91cGxvYWRzXC8yMDIxXC8wN1wvcmVsYXRpdi1oYXRla29ueXNhZ2ktZ29yYmUtc3pvdmVnZ2VsLmpwZyJ9\">\n\t\t\t\t\t\t\t<img decoding=\"async\" width=\"1621\" height=\"1020\" src=\"https:\/\/r-filter.hu\/wp-content\/uploads\/2021\/11\/germ.n.jpg\" class=\"attachment-2048x2048 size-2048x2048 wp-image-2160\" alt=\"\" srcset=\"https:\/\/r-filter.hu\/wp-content\/uploads\/2021\/11\/germ.n.jpg 1382w, https:\/\/r-filter.hu\/wp-content\/uploads\/2021\/11\/germ.n-300x127.jpg 300w, https:\/\/r-filter.hu\/wp-content\/uploads\/2021\/11\/germ.n-1024x433.jpg 1024w, https:\/\/r-filter.hu\/wp-content\/uploads\/2021\/11\/germ.n-768x325.jpg 768w, https:\/\/r-filter.hu\/wp-content\/uploads\/2021\/11\/germ.n-18x8.jpg 18w\" sizes=\"(max-width: 1621px) 100vw, 1621px\" title=\"\">\t\t\t\t\t\t\t\t<\/a>\n\t\t\t\t\t\t\t\t\t\t\t\t\t\t\t<\/div>\n\t\t\t\t<\/div>\n\t\t\t\t\t<\/div>\n\t\t<\/div>\n\t\t\t\t<div class=\"elementor-column elementor-col-50 elementor-top-column elementor-element elementor-element-f52a362\" data-id=\"f52a362\" data-element_type=\"column\" data-e-type=\"column\">\n\t\t\t<div class=\"elementor-widget-wrap elementor-element-populated\">\n\t\t\t\t\t\t<div class=\"elementor-element elementor-element-f20409d elementor-widget elementor-widget-image\" data-id=\"f20409d\" data-element_type=\"widget\" data-e-type=\"widget\" data-widget_type=\"image.default\">\n\t\t\t\t<div class=\"elementor-widget-container\">\n\t\t\t\t\t\t\t\t\t\t\t\t\t\t\t<img decoding=\"async\" width=\"1024\" height=\"512\" src=\"https:\/\/r-filter.hu\/wp-content\/uploads\/2022\/10\/UVF3-1024x512.jpg\" class=\"attachment-large size-large wp-image-5292\" alt=\"R-Filter innovat\u00edv konyhai l\u00e9gkezel\u00e9s, zs\u00edrbont\u00e1s \u00e9s szagtalan\u00edt\u00e1s\" srcset=\"https:\/\/r-filter.hu\/wp-content\/uploads\/2022\/10\/UVF3-1024x512.jpg 1024w, https:\/\/r-filter.hu\/wp-content\/uploads\/2022\/10\/UVF3-300x150.jpg 300w, https:\/\/r-filter.hu\/wp-content\/uploads\/2022\/10\/UVF3-768x384.jpg 768w, https:\/\/r-filter.hu\/wp-content\/uploads\/2022\/10\/UVF3-18x9.jpg 18w, https:\/\/r-filter.hu\/wp-content\/uploads\/2022\/10\/UVF3.jpg 1200w\" sizes=\"(max-width: 1024px) 100vw, 1024px\" title=\"\">\t\t\t\t\t\t\t\t\t\t\t\t\t\t\t<\/div>\n\t\t\t\t<\/div>\n\t\t\t\t<div class=\"elementor-element elementor-element-d0deed5 elementor-widget elementor-widget-text-editor\" data-id=\"d0deed5\" data-element_type=\"widget\" data-e-type=\"widget\" data-widget_type=\"text-editor.default\">\n\t\t\t\t<div class=\"elementor-widget-container\">\n\t\t\t\t\t\t\t\t\t<strong><p style=\"color:#0000F3\">Eigenschaften, Vorteile:<\/strong><\/p>\n\n<ul>\n \t<li>als Kanalst\u00fcck auch in bestehendes Kanalsystem problemlos installierbar<\/li>\n \t<li>hervorragende Lufthygiene, hoher Entkeimungsgrad<\/li>\n \t<li>reduziert die Atemwegserkrankungen<\/li>\n \t<li>funktioniert ozonfrei<\/li>\n \t<li>funktioniert ohne Chemikalien<\/li>\n \t<li>enth\u00e4lt keinen Filter<\/li>\n \t<li>Geh\u00e4use aus Edelstahl, keine Korrosionsgefahr<\/li>\n \t<li>minimaler Reinigungsaufwand<\/li>\n<\/ul>\t\t\t\t\t\t\t\t<\/div>\n\t\t\t\t<\/div>\n\t\t\t\t\t<\/div>\n\t\t<\/div>\n\t\t\t\t\t<\/div>\n\t\t<\/section>\n\t\t\t\t<\/div>","protected":false},"excerpt":{"rendered":"<p>UVF Lak\u00e1sok, irod\u00e1k, eg\u00e9szs\u00e9g\u00fcgyi l\u00e9tes\u00edtm\u00e9nyek, klima- \u00e9s szell\u0151z\u00e9stechnika A k\u00e9sz\u00fcl\u00e9ket a k\u00fcls\u0151 t\u00e9rb\u0151l besz\u00edvott leveg\u0151, illetve k\u00f6zponti l\u00e9gkezel\u0151 \u00e1ltal sz\u00e1ll\u00edtott leveg\u0151 fert\u0151tlen\u00edt\u00e9s\u00e9re lehet haszn\u00e1lni. A l\u00e9gcsatorna rendszerbe be\u00e9p\u00edtve passz\u00edv elemk\u00e9nt viselkedik, saj\u00e1t ventil\u00e1torral nem rendelkezik. M\u0171k\u00f6d\u00e9si elv Ak\u00e1r a k\u00fcls\u0151 t\u00e9rb\u0151l besz\u00edvott, ak\u00e1r a k\u00f6zponti l\u00e9gkezel\u0151 berendez\u00e9sen kereszt\u00fcl sz\u00e1ll\u00edtott leveg\u0151ben sz\u00e1mos olyan mikroorganizmus lehet, amelynek&hellip;&nbsp;<a href=\"https:\/\/r-filter.hu\/de\/uvf\/\" rel=\"bookmark\">Mehr lesen &raquo;<span class=\"screen-reader-text\">UVF<\/span><\/a><\/p>","protected":false},"author":2,"featured_media":0,"parent":0,"menu_order":0,"comment_status":"closed","ping_status":"closed","template":"","meta":{"neve_meta_sidebar":"full-width","neve_meta_container":"","neve_meta_enable_content_width":"on","neve_meta_content_width":100,"neve_meta_title_alignment":"","neve_meta_author_avatar":"","neve_post_elements_order":"","neve_meta_disable_header":"","neve_meta_disable_footer":"","neve_meta_disable_title":"","neve_meta_reading_time":"","_themeisle_gutenberg_block_has_review":false,"_ti_tpc_template_sync":false,"_ti_tpc_template_id":"","footnotes":""},"class_list":["post-2002","page","type-page","status-publish","hentry"],"_links":{"self":[{"href":"https:\/\/r-filter.hu\/de\/wp-json\/wp\/v2\/pages\/2002","targetHints":{"allow":["GET"]}}],"collection":[{"href":"https:\/\/r-filter.hu\/de\/wp-json\/wp\/v2\/pages"}],"about":[{"href":"https:\/\/r-filter.hu\/de\/wp-json\/wp\/v2\/types\/page"}],"author":[{"embeddable":true,"href":"https:\/\/r-filter.hu\/de\/wp-json\/wp\/v2\/users\/2"}],"replies":[{"embeddable":true,"href":"https:\/\/r-filter.hu\/de\/wp-json\/wp\/v2\/comments?post=2002"}],"version-history":[{"count":73,"href":"https:\/\/r-filter.hu\/de\/wp-json\/wp\/v2\/pages\/2002\/revisions"}],"predecessor-version":[{"id":6855,"href":"https:\/\/r-filter.hu\/de\/wp-json\/wp\/v2\/pages\/2002\/revisions\/6855"}],"wp:attachment":[{"href":"https:\/\/r-filter.hu\/de\/wp-json\/wp\/v2\/media?parent=2002"}],"curies":[{"name":"wp","href":"https:\/\/api.w.org\/{rel}","templated":true}]}}